{"version":"1.0","provider_name":"PRAPS 1 SENEGAL","provider_url":"https:\/\/praps.sn\/archives","author_name":"youssouphasarr","author_url":"https:\/\/praps.sn\/archives\/author\/youssouphasarr\/","title":"VALORISATION DU LAIT LOCAL : LE PRAPS SENEGAL S\u2019ENGAGE - PRAPS 1 SENEGAL","type":"rich","width":600,"height":338,"html":"<blockquote class=\"wp-embedded-content\" data-secret=\"RDg8foZuQO\"><a href=\"https:\/\/praps.sn\/archives\/valorisation-du-lait-local-le-praps-senegal-sengage\/\">VALORISATION DU LAIT LOCAL : LE PRAPS SENEGAL S\u2019ENGAGE<\/a><\/blockquote><iframe sandbox=\"allow-scripts\" security=\"restricted\" src=\"https:\/\/praps.sn\/archives\/valorisation-du-lait-local-le-praps-senegal-sengage\/embed\/#?secret=RDg8foZuQO\" width=\"600\" height=\"338\" title=\"\u00ab\u00a0VALORISATION DU LAIT LOCAL : LE PRAPS SENEGAL S\u2019ENGAGE\u00a0\u00bb &#8212; PRAPS 1 SENEGAL\" data-secret=\"RDg8foZuQO\" frameborder=\"0\" marginwidth=\"0\" marginheight=\"0\" scrolling=\"no\" class=\"wp-embedded-content\"><\/iframe><script type=\"text\/javascript\">\n\/* <![CDATA[ *\/\n\/*! This file is auto-generated *\/\n!function(d,l){\"use strict\";l.querySelector&&d.addEventListener&&\"undefined\"!=typeof URL&&(d.wp=d.wp||{},d.wp.receiveEmbedMessage||(d.wp.receiveEmbedMessage=function(e){var t=e.data;if((t||t.secret||t.message||t.value)&&!\/[^a-zA-Z0-9]\/.test(t.secret)){for(var s,r,n,a=l.querySelectorAll('iframe[data-secret=\"'+t.secret+'\"]'),o=l.querySelectorAll('blockquote[data-secret=\"'+t.secret+'\"]'),c=new RegExp(\"^https?:$\",\"i\"),i=0;i<o.length;i++)o[i].style.display=\"none\";for(i=0;i<a.length;i++)s=a[i],e.source===s.contentWindow&&(s.removeAttribute(\"style\"),\"height\"===t.message?(1e3<(r=parseInt(t.value,10))?r=1e3:~~r<200&&(r=200),s.height=r):\"link\"===t.message&&(r=new URL(s.getAttribute(\"src\")),n=new URL(t.value),c.test(n.protocol))&&n.host===r.host&&l.activeElement===s&&(d.top.location.href=t.value))}},d.addEventListener(\"message\",d.wp.receiveEmbedMessage,!1),l.addEventListener(\"DOMContentLoaded\",function(){for(var e,t,s=l.querySelectorAll(\"iframe.wp-embedded-content\"),r=0;r<s.length;r++)(t=(e=s[r]).getAttribute(\"data-secret\"))||(t=Math.random().toString(36).substring(2,12),e.src+=\"#?secret=\"+t,e.setAttribute(\"data-secret\",t)),e.contentWindow.postMessage({message:\"ready\",secret:t},\"*\")},!1)))}(window,document);\n\/\/# sourceURL=https:\/\/praps.sn\/archives\/wp-includes\/js\/wp-embed.min.js\n\/* ]]> *\/\n<\/script>\n","thumbnail_url":"https:\/\/praps.sn\/archives\/wp-content\/uploads\/2019\/10\/Labreuvement-des-animaux-est-une-cl-de-la-lactation.jpg","thumbnail_width":1010,"thumbnail_height":758,"description":"Malgr\u00e9 son potentiel bovin inestimable, la fili\u00e8re laiti\u00e8re s\u00e9n\u00e9galaise cale sur la faible productivit\u00e9 des vaches locales, l\u2019insuffisance et la faible valeur nutritive des p\u00e2turages naturels, les fortes variations saisonni\u00e8res de la production, l\u2019\u00e9loignement des sites de productions des zones de de grande consommation, le faible investissement de l\u2019Etat dans les fili\u00e8res laiti\u00e8res locales, les &hellip;"}