{"version":"1.0","provider_name":"PRAPS 1 SENEGAL","provider_url":"https:\/\/praps.sn\/archives","author_name":"Pape NDIAYE","author_url":"https:\/\/praps.sn\/archives\/author\/pape-ndiaye\/","title":"FIARA 2021 : LE PRAPS SPONSORISE 5 UNITES LAITI\u00c8RES - PRAPS 1 SENEGAL","type":"rich","width":600,"height":338,"html":"<blockquote class=\"wp-embedded-content\" data-secret=\"DcJBcKUXwT\"><a href=\"https:\/\/praps.sn\/archives\/fiara-2021-le-praps-sponsorise-5-unites-laitieres\/\">FIARA 2021 : LE PRAPS SPONSORISE 5 UNITES LAITI\u00c8RES<\/a><\/blockquote><iframe sandbox=\"allow-scripts\" security=\"restricted\" src=\"https:\/\/praps.sn\/archives\/fiara-2021-le-praps-sponsorise-5-unites-laitieres\/embed\/#?secret=DcJBcKUXwT\" width=\"600\" height=\"338\" title=\"\u00ab\u00a0FIARA 2021 : LE PRAPS SPONSORISE 5 UNITES LAITI\u00c8RES\u00a0\u00bb &#8212; PRAPS 1 SENEGAL\" data-secret=\"DcJBcKUXwT\" frameborder=\"0\" marginwidth=\"0\" marginheight=\"0\" scrolling=\"no\" class=\"wp-embedded-content\"><\/iframe><script type=\"text\/javascript\">\n\/* <![CDATA[ *\/\n\/*! This file is auto-generated *\/\n!function(d,l){\"use strict\";l.querySelector&&d.addEventListener&&\"undefined\"!=typeof URL&&(d.wp=d.wp||{},d.wp.receiveEmbedMessage||(d.wp.receiveEmbedMessage=function(e){var t=e.data;if((t||t.secret||t.message||t.value)&&!\/[^a-zA-Z0-9]\/.test(t.secret)){for(var s,r,n,a=l.querySelectorAll('iframe[data-secret=\"'+t.secret+'\"]'),o=l.querySelectorAll('blockquote[data-secret=\"'+t.secret+'\"]'),c=new RegExp(\"^https?:$\",\"i\"),i=0;i<o.length;i++)o[i].style.display=\"none\";for(i=0;i<a.length;i++)s=a[i],e.source===s.contentWindow&&(s.removeAttribute(\"style\"),\"height\"===t.message?(1e3<(r=parseInt(t.value,10))?r=1e3:~~r<200&&(r=200),s.height=r):\"link\"===t.message&&(r=new URL(s.getAttribute(\"src\")),n=new URL(t.value),c.test(n.protocol))&&n.host===r.host&&l.activeElement===s&&(d.top.location.href=t.value))}},d.addEventListener(\"message\",d.wp.receiveEmbedMessage,!1),l.addEventListener(\"DOMContentLoaded\",function(){for(var e,t,s=l.querySelectorAll(\"iframe.wp-embedded-content\"),r=0;r<s.length;r++)(t=(e=s[r]).getAttribute(\"data-secret\"))||(t=Math.random().toString(36).substring(2,12),e.src+=\"#?secret=\"+t,e.setAttribute(\"data-secret\",t)),e.contentWindow.postMessage({message:\"ready\",secret:t},\"*\")},!1)))}(window,document);\n\/\/# sourceURL=https:\/\/praps.sn\/archives\/wp-includes\/js\/wp-embed.min.js\n\/* ]]> *\/\n<\/script>\n","thumbnail_url":"https:\/\/praps.sn\/archives\/wp-content\/uploads\/2021\/06\/img4.jpg","thumbnail_width":946,"thumbnail_height":710,"description":"Les rideaux sont tomb\u00e9s sur la 21\u00e8me \u00e9dition de la Foire internationale de l\u2019agriculture et des ressources animales (FIARA). Pour la pr\u00e9sente \u00e9dition, le Projet r\u00e9gional d\u2019appui au pastoralisme au sahel (PRAPS) a appuy\u00e9 la participation de cinq unit\u00e9s laiti\u00e8res de sa zone d\u2019intervention \u00e0 cet \u00e9v\u00e8nement, conform\u00e9ment aux demandes formul\u00e9es par les b\u00e9n\u00e9ficiaires. Il &hellip;"}